{"id":268,"date":"2020-06-14T12:30:12","date_gmt":"2020-06-14T12:30:12","guid":{"rendered":"https:\/\/metallgestaltung-foester.de\/?page_id=268"},"modified":"2020-08-09T14:59:06","modified_gmt":"2020-08-09T14:59:06","slug":"firmenportrait","status":"publish","type":"page","link":"https:\/\/metallgestaltung-foester.de\/?page_id=268","title":{"rendered":"Firmenportrait"},"content":{"rendered":"<!--[container_effect]--> <div class=\"container-effect container  bd-containereffect-1303419995 \"><!--{content}--><!--[html]--><style><\/style><div class=\"bd-tagstyles  additional-class-1144628010 \"><div class=\"bd-container-inner bd-content-element\"><!--{content}--><!-- wp:paragraph -->\n<p><strong>Firmenportrait<\/strong><\/p>\n<!-- \/wp:paragraph -->\n\n<!-- wp:paragraph -->\n<p><b>Uwe F\u00f6ster<\/b><\/p>\n<!-- \/wp:paragraph -->\n\n<!-- wp:table -->\n<figure class=\"wp-block-table\"><table><tbody><tr><td>1984<\/td><td>Gesellenpr\u00fcfung als Schmied<\/td><\/tr><tr><td>1992<\/td><td>Meisterpr\u00fcfung als Metallbauer<\/td><\/tr><tr><td>1997<\/td><td>Selbstst\u00e4ndigkeit in einer Schmiede von 250 qm<\/td><\/tr><\/tbody><\/table><\/figure>\n<!-- \/wp:table -->\n\n<!-- wp:html -->\n<p><p><br>Derzeit besch\u00e4ftigen wir vier Gesellen, einen Azubi und eine kaufm\u00e4nnische Angestellte.<\/p><\/p>\n<!-- \/wp:html -->\n\n<!-- wp:paragraph -->\n<p><\/p>\n<!-- \/wp:paragraph -->\n\n<!-- wp:paragraph -->\n<p><strong>Wir sind Handwerker durch und durch.<\/strong><br><strong>Wir haben zwei Standbeine:<\/strong><\/p>\n<!-- \/wp:paragraph -->\n\n<!-- wp:paragraph -->\n<p><strong>1. Die Schmiedegalerie (unsere k\u00fcnstlerische Seite)<\/strong><\/p>\n<!-- \/wp:paragraph -->\n\n<!-- wp:paragraph -->\n<p><strong>2. Metallgestaltung. Metallbau jeder Kategorie. Nat\u00fcrlich zertifiziert. Hier sind Sie richtig.<\/strong><\/p>\n<!-- \/wp:paragraph -->\n\n<!-- wp:paragraph -->\n<p><br>Wir arbeiten f\u00fcr Private, Architekten, Firmen und Beh\u00f6rden in ganz Deutschland, Europa sowie auf anderen Kontinenten.<\/p>\n<!-- \/wp:paragraph -->\n\n<!-- wp:paragraph -->\n<p>Unsere au\u00dfergew\u00f6hnlich geschmiedete Kunstobjekte bereichern nach wie vor den Wohn- und Gartenbereich anspruchsvoller Privatkunden, 5*-Hotels etc.<\/p>\n<!-- \/wp:paragraph -->\n\n<!-- wp:paragraph -->\n<p><strong>Kunst kommt von K\u00f6nnen: Die handwerklichen F\u00e4higkeiten, die wir \u00fcber lange Jahre erworben haben, erleichtern uns den Einstieg in weitere Bereiche des Handwerks.<\/strong><\/p>\n<!-- \/wp:paragraph -->\n\n<!-- wp:paragraph -->\n<p><strong>Unser Leistungsangebot vergr\u00f6\u00dfert sich daher st\u00e4ndig.<\/strong><\/p>\n<!-- \/wp:paragraph -->\n\n<!-- wp:paragraph -->\n<p>Hinzugekommen sind die Bereiche Metallbau in jeglicher Form, mittlerweile der deutlich gr\u00f6\u00dfere Teil unserer T\u00e4tigkeit:<\/p>\n<!-- \/wp:paragraph -->\n\n<!-- wp:paragraph -->\n<p>Balkone\/ Gitter jeder Art<\/p>\n<!-- \/wp:paragraph -->\n\n<!-- wp:paragraph -->\n<p>Treppenbau<\/p>\n<!-- \/wp:paragraph -->\n\n<!-- wp:paragraph -->\n<p>Zulieferungen f\u00fcr Industrieanlagen<\/p>\n<!-- \/wp:paragraph -->\n\n<!-- wp:paragraph -->\n<p>Individuelle Anfertigungen jeder Art nach Vorgaben unserer Kunden.<\/p>\n<!-- \/wp:paragraph -->\n\n<!-- wp:paragraph -->\n<p><strong>Wir sind ZERTIFIZIERTER MEISTERFACHBETRIEB NACH DIN 1090, d.h. wir k\u00f6nnen und d\u00fcrfen Auftr\u00e4ge \u00fcbernehmen, f\u00fcr die nicht jeder Betrieb qualifiziert ist. Unser Team ist hochmotiviert. Wir verarbeiten mit unserem modernen Maschinenpark, in den in den letzten Jahren sechsstellige Betr\u00e4ge investiert wurden, verschiedenste Materialien wie Stahl, Edelstahl, Glas, Kunststoff, Aluminium, Bronze, Kupfer und Holz. Es beginnt mit der Planung gemeinsam mit dem Kunden. Aufma\u00df und Fertigung bis hin zur Montage alles aus einer Hand. Wir sind erst dann zufrieden, wenn unsere Kunden ebenfalls hoch zufrieden sind.\u00a0\u00a0<\/strong><\/p>\n<!-- \/wp:paragraph -->\n\n<!-- wp:paragraph -->\n<p>Wir sind in den letzten Jahren kontinuierlich gewachsen. Das Verwaltungs- und Ausstellungsgeb\u00e4ude umfasst eine Fl\u00e4che von 400 m\u00b2, die Produktion wurde auf eine Fl\u00e4che von 600 m\u00b2 erweitert, da viele Bauteile unserer Projekte im Betrieb vormontiert werden m\u00fcssen.<\/p>\n<!-- \/wp:paragraph -->\n\n<!-- wp:paragraph -->\n<p><strong>Wir sind gut vernetzt. Durch unsere Partnerschaft mit anderen Handwerkern k\u00f6nnen wir auch L\u00f6sungen vermitteln, die nicht zu unseren Kernkompetenzen geh\u00f6ren.<\/strong><\/p>\n<!-- \/wp:paragraph -->\n\n<!-- wp:paragraph -->\n<p>Keiner kann alles k\u00f6nnen: Seit Jahren sind Handwerker der verschiedensten Gewerke in einem Verbund zusammengefasst: <a href=\"http:\/\/www.team-compact.de\/startseite.html\">Team Compact<\/a>. Wir treffen uns regelm\u00e4\u00dfig und tauschen uns \u00fcber Neuerungen aus. Dies ist eine sichere Bank f\u00fcr unsere Kunden. Sie k\u00f6nnen auf einen gro\u00dfen Wissenspool zugreifen<\/p>\n<!-- \/wp:paragraph -->\n\n<p><\/p><!--{\/content}--><\/div><\/div><!--[\/html]--><!--{\/content}--><\/div><!--[\/container_effect]-->\n\n    <!--[spacer]-->\n    <style>\n.bd-spacer-550769058{height:10px;}<\/style>    <div class=\" bd-spacer-550769058  clearfix\">\n        <!--{content}--><!--{\/content}-->\n    <\/div>\n    <!--[\/spacer]-->\n\n    \n    <!--[section]-->\n\t\t<style>\n.bd-section-1800457110{margin-bottom:32px;}<\/style>\t\t<section id=section4 class=\" bd-section-1800457110  bd-tagstyles\" data-section-title=\"Three Columns\">\n\t\t\t<div class=\"bd-container-inner bd-margins clearfix\">\n\t\t\t\t<!--{content}-->\n\t\t\t\t\t<br>\n    <!--[spacer]-->\n    <style>\n.bd-spacer-399436623{height:100px;}<\/style>    <div class=\" bd-spacer-399436623  clearfix\">\n        <!--{content}--><!--{\/content}-->\n    <\/div>\n    <!--[\/spacer]-->\n\n    <br>\t\t\t\t<!--{\/content}-->\n\t\t\t<\/div>\n\t\t<\/section>\n\t<!--[\/section]-->\n\n    <!--[section]-->\n\t\t\t\t<section id=section4 class=\" bd-section-700196968  bd-tagstyles\" data-section-title=\"Three Columns\">\n\t\t\t<div class=\"bd-container-inner bd-margins clearfix\">\n\t\t\t\t<!--{content}-->\n\t\t\t\t\t<br>    <!--[columns]-->\n        <style>\n.bd-layoutcontainer-2102107048  > .bd-container-inner > .container-fluid:after{display:none;}<\/style><style>\n.bd-layoutcontainer-2102107048 > .bd-container-inner > .container-fluid, .bd-layoutcontainer-2102107048 > .bd-container-inner > .container-fluid > .row{height:100%;}<\/style><style>.bd-layoutcontainer-2102107048 > .bd-container-inner > .container-fluid {padding-left: 0; padding-right: 0;}<\/style>        <style><\/style>        <div class=\" bd-layoutcontainer-2102107048  bd-columns bd-no-margins\">\n            <div class=\"bd-container-inner\">\n                <div class=\"container-fluid\">\n                    <div class=\"row bd-row-flex bd-row-align-middle\">\n                        <!--{content}-->\n                            <br>    <!--[column]-->\n        <div class=\"col-md-4 col-sm-6 bd-columnwrapper-926539469\">\n            <div class=\"bd-column  bd-layoutcolumn-926539469 \">\n                <div class=\"bd-vertical-align-wrapper\">\n                    <!--{content}-->\n                        <br><!--[image]--><style>\n.additional-class-1168252574{width:380px;}<\/style><img decoding=\"async\" src=\"https:\/\/metallgestaltung-foester.de\/wp-content\/uploads\/2020\/06\/19f76fd89c13d765c41c67f1a6070cb7_004.jpg\" class=\" additional-class-1168252574   bd-imagestyles bd-own-margins\"><!--{content}--><!--{\/content}--><!--[\/image]--><br>                    <!--{\/content}-->\n                <\/div>\n            <\/div>\n        <\/div>\n    <!--[\/column]-->\n<\/p>\n    <!--[column]-->\n        <div class=\"col-md-4 col-sm-6 bd-columnwrapper-96714108\">\n            <div class=\"bd-column  bd-layoutcolumn-96714108 \">\n                <div class=\"bd-vertical-align-wrapper\">\n                    <!--{content}-->\n                        <br><!--[image]--><style>\n.additional-class-935016982{width:380px;}<\/style><img decoding=\"async\" src=\"https:\/\/metallgestaltung-foester.de\/wp-content\/uploads\/2020\/06\/e076bd4ce81a56bc4d89d1ebb9c0580f_DSCN2157.jpg\" class=\" additional-class-935016982   bd-imagestyles bd-own-margins\"><!--{content}--><!--{\/content}--><!--[\/image]--><br>                    <!--{\/content}-->\n                <\/div>\n            <\/div>\n        <\/div>\n    <!--[\/column]-->\n\n<p>    <!--[column]-->\n        <div class=\"col-md-4 col-sm-6 bd-columnwrapper-1079076747\">\n            <div class=\"bd-column  bd-layoutcolumn-1079076747 \">\n                <div class=\"bd-vertical-align-wrapper\">\n                    <!--{content}-->\n                        <br><!--[image]--><style>\n.additional-class-1407746283{width:380px;}<\/style><img decoding=\"async\" src=\"https:\/\/metallgestaltung-foester.de\/wp-content\/uploads\/2020\/06\/c215775a4ac72cccba9e9f59c5865cf0_003VerdunstungswasserrinnemitSickerschachtTiefgarage.jpg\" class=\" additional-class-1407746283   bd-imagestyles bd-own-margins\"><!--{content}--><!--{\/content}--><!--[\/image]--><br>                    <!--{\/content}-->\n                <\/div>\n            <\/div>\n        <\/div>\n    <!--[\/column]-->\n<br>                        <!--{\/content}-->\n                    <\/div>\n                <\/div>\n            <\/div>\n        <\/div>\n    <!--[\/columns]-->\n<br>\t\t\t\t<!--{\/content}-->\n\t\t\t<\/div>\n\t\t<\/section>\n\t<!--[\/section]-->\n\n    <!--[section]-->\n\t\t<style>\n.bd-section-189511761{margin-top:32px;}<\/style>\t\t<section id=section14 class=\" bd-section-189511761  bd-tagstyles\" data-section-title=\"Section with Canvas\">\n\t\t\t<div class=\"bd-container-inner bd-margins clearfix\">\n\t\t\t\t<!--{content}-->\n\t\t\t\t\t<br><!--[layoutbox]--><style>\n.additional-class-108199717{height:100px;position:relative;}<\/style><div class=\"clearfix  additional-class-108199717  bd-no-margins\"><div class=\"bd-container-inner\"><!--{content}--><!--{\/content}--><\/div><\/div><!--[\/layoutbox]--><br>\t\t\t\t<!--{\/content}-->\n\t\t\t<\/div>\n\t\t<\/section>\n\t<!--[\/section]-->\n\n","protected":false},"excerpt":{"rendered":"","protected":false},"author":1,"featured_media":0,"parent":0,"menu_order":0,"comment_status":"closed","ping_status":"closed","template":"","meta":{"footnotes":""},"class_list":["post-268","page","type-page","status-publish","hentry"],"_links":{"self":[{"href":"https:\/\/metallgestaltung-foester.de\/index.php?rest_route=\/wp\/v2\/pages\/268","targetHints":{"allow":["GET"]}}],"collection":[{"href":"https:\/\/metallgestaltung-foester.de\/index.php?rest_route=\/wp\/v2\/pages"}],"about":[{"href":"https:\/\/metallgestaltung-foester.de\/index.php?rest_route=\/wp\/v2\/types\/page"}],"author":[{"embeddable":true,"href":"https:\/\/metallgestaltung-foester.de\/index.php?rest_route=\/wp\/v2\/users\/1"}],"replies":[{"embeddable":true,"href":"https:\/\/metallgestaltung-foester.de\/index.php?rest_route=%2Fwp%2Fv2%2Fcomments&post=268"}],"version-history":[{"count":17,"href":"https:\/\/metallgestaltung-foester.de\/index.php?rest_route=\/wp\/v2\/pages\/268\/revisions"}],"predecessor-version":[{"id":410,"href":"https:\/\/metallgestaltung-foester.de\/index.php?rest_route=\/wp\/v2\/pages\/268\/revisions\/410"}],"wp:attachment":[{"href":"https:\/\/metallgestaltung-foester.de\/index.php?rest_route=%2Fwp%2Fv2%2Fmedia&parent=268"}],"curies":[{"name":"wp","href":"https:\/\/api.w.org\/{rel}","templated":true}]}}